{"id":1519,"date":"2015-08-17T12:58:56","date_gmt":"2015-08-17T15:58:56","guid":{"rendered":"http:\/\/www.mpb.eng.br\/novo\/?post_type=project&#038;p=1519"},"modified":"2015-12-10T16:34:00","modified_gmt":"2015-12-10T19:34:00","slug":"porto-sao-francisco-do-sul","status":"publish","type":"project","link":"https:\/\/www.mpb.eng.br\/n\/project\/porto-sao-francisco-do-sul\/","title":{"rendered":"Gest\u00e3o ambiental e estudo ambiental no porto de S\u00e3o Francisco do Sul"},"content":{"rendered":"<p>[et_pb_section fullwidth=&#8221;on&#8221; specialty=&#8221;off&#8221;][et_pb_fullwidth_header admin_label=&#8221;Cabe\u00e7alho de Largura Completa&#8221; background_layout=&#8221;light&#8221; text_orientation=&#8221;left&#8221; header_fullscreen=&#8221;off&#8221; header_scroll_down=&#8221;off&#8221; parallax=&#8221;off&#8221; parallax_method=&#8221;off&#8221; content_orientation=&#8221;center&#8221; image_orientation=&#8221;center&#8221; custom_button_one=&#8221;off&#8221; button_one_letter_spacing=&#8221;0&#8243; button_one_use_icon=&#8221;default&#8221; button_one_icon_placement=&#8221;right&#8221; button_one_on_hover=&#8221;on&#8221; button_one_letter_spacing_hover=&#8221;0&#8243; custom_button_two=&#8221;off&#8221; button_two_letter_spacing=&#8221;0&#8243; button_two_use_icon=&#8221;default&#8221; button_two_icon_placement=&#8221;right&#8221; button_two_on_hover=&#8221;on&#8221; button_two_letter_spacing_hover=&#8221;0&#8243; background_color=&#8221;#7fd17b&#8221; subhead=&#8221;Transporte &gt; Portu\u00e1ria&#8221; title=&#8221;Gest\u00e3o ambiental e estudo ambiental no porto de S\u00e3o Francisco do Sul&#8221; \/][\/et_pb_section][et_pb_section fullwidth=&#8221;off&#8221; specialty=&#8221;off&#8221;][et_pb_row][et_pb_column type=&#8221;4_4&#8243;][et_pb_team_member admin_label=&#8221;Cliente&#8221; animation=&#8221;off&#8221; background_layout=&#8221;light&#8221; use_border_color=&#8221;off&#8221; border_color=&#8221;#ffffff&#8221; border_style=&#8221;solid&#8221; saved_tabs=&#8221;all&#8221; name=&#8221;PETCON&#8221; position=&#8221;Planejamento em transporte e cons. ltda&#8221; \/][\/et_pb_column][\/et_pb_row][et_pb_row][et_pb_column type=&#8221;1_2&#8243;][et_pb_text admin_label=&#8221;Titulo &#8211; Descri\u00e7\u00e3o&#8221; background_layout=&#8221;light&#8221; text_orientation=&#8221;left&#8221; use_border_color=&#8221;off&#8221; border_color=&#8221;#ffffff&#8221; border_style=&#8221;solid&#8221; saved_tabs=&#8221;all&#8221;]<\/p>\n<p><span style=\"color: #006600;\"><span style=\"font-size: x-large;\">Descri\u00e7\u00e3o<\/span><\/span><\/p>\n<p>[\/et_pb_text][et_pb_text admin_label=&#8221;Descri\u00e7\u00e3o Titulo + Datas&#8221; background_layout=&#8221;light&#8221; text_orientation=&#8221;left&#8221; use_border_color=&#8221;off&#8221; border_color=&#8221;#ffffff&#8221; border_style=&#8221;solid&#8221; saved_tabs=&#8221;all&#8221;]<\/p>\n<div class=\"et_pb_text et_pb_module et_pb_bg_layout_light et_pb_text_align_left  et_pb_text_0\">\n<div class=\"page\" title=\"Page 23\">\n<p>&nbsp;<\/p>\n<table border=\"0\" cellspacing=\"0\" cellpadding=\"0\">\n<tbody>\n<tr>\n<td><strong>Inicio\u00a0em :<\/strong><\/td>\n<td>\u00a02005<\/td>\n<\/tr>\n<tr>\n<td><strong>Termino\u00a0em :<\/strong><\/td>\n<td>\u00a02006<\/td>\n<\/tr>\n<tr>\n<td><strong>Status :<\/strong><\/td>\n<td>Completo<\/td>\n<\/tr>\n<tr>\n<td><strong>Local :<\/strong><\/td>\n<td>\u00a0S\u00e3o Francisco do Sul\/SC<\/td>\n<\/tr>\n<\/tbody>\n<\/table>\n<\/div>\n<\/div>\n<p>[\/et_pb_text][et_pb_text admin_label=&#8221;Descri\u00e7\u00e3o&#8221; background_layout=&#8221;light&#8221; text_orientation=&#8221;left&#8221; use_border_color=&#8221;off&#8221; border_color=&#8221;#ffffff&#8221; border_style=&#8221;solid&#8221;]<\/p>\n<div class=\"et_pb_text et_pb_module et_pb_bg_layout_light et_pb_text_align_left  et_pb_text_0\">Gest\u00e3o ambiental e estudo ambiental no porto de S\u00e3o Francisco do Sul<\/div>\n<p>[\/et_pb_text][\/et_pb_column][et_pb_column type=&#8221;1_2&#8243;][et_pb_gallery admin_label=&#8221;Galeria&#8221; gallery_ids=&#8221;1530,1523,1522,1521,1520&#8243; fullwidth=&#8221;on&#8221; show_title_and_caption=&#8221;on&#8221; show_pagination=&#8221;on&#8221; background_layout=&#8221;light&#8221; auto=&#8221;on&#8221; hover_overlay_color=&#8221;rgba(255,255,255,0.9)&#8221; caption_all_caps=&#8221;off&#8221; use_border_color=&#8221;off&#8221; border_color=&#8221;#ffffff&#8221; border_style=&#8221;solid&#8221; auto_speed=&#8221;5000&#8243; \/][\/et_pb_column][\/et_pb_row][et_pb_row][et_pb_column type=&#8221;4_4&#8243;][et_pb_text admin_label=&#8221;Contexto&#8221; background_layout=&#8221;light&#8221; text_orientation=&#8221;left&#8221; use_border_color=&#8221;off&#8221; border_color=&#8221;#ffffff&#8221; border_style=&#8221;solid&#8221;]<\/p>\n<p><strong>Contextualiza\u00e7\u00e3o<\/strong><br \/>\nO Porto de S\u00e3o Francisco do Sul vem dando continuidade a seu processo de expans\u00e3o e procurando constantemente se adequar \u00e0s conformidades legais vigentes, de modo a estabelecer um padr\u00e3o de opera\u00e7\u00e3o que n\u00e3o s\u00f3 atenda as exig\u00eancias legais, como tamb\u00e9m se insira no quadro global de sustentabilidade ambiental.<br \/>\nO porto conta atualmente com cinco ber\u00e7os de atraca\u00e7\u00e3o, com o total de 975m de cais acost\u00e1vel.<br \/>\nO p\u00e1tio para armazenagem de cont\u00eaineres disp\u00f5e de 80.0000 m\u00b2 de \u00e1rea pavimentada, com ilumina\u00e7\u00e3o pr\u00f3pria, al\u00e9m de 4.000 m2 destinados para cont\u00eaineres frigor\u00edficos, com 530 tomadas de energia el\u00e9trica em 380\/440 V. para cont\u00eaineres reefer.<br \/>\nO Terminal da Babitonga (TERFRAN) possui \u00e1rea de p\u00e1tios de 13.570 m2<\/p>\n<p><strong>Servi\u00e7os Realizados<\/strong><\/p>\n<p><strong>A Gest\u00e3o Ambiental <\/strong><\/p>\n<ul>\n<li>Plano de Emerg\u00eancia Individual PEI: Foram introduzidas medidas estruturais e operacionais, visando o controle da polui\u00e7\u00e3o, alem de planos de emerg\u00eancia e de conting\u00eancia para todas as instala\u00e7\u00f5es portu\u00e1rias, plataforma e os Portos Organizados.<\/li>\n<li>Elabora\u00e7\u00e3o de Auditoria Ambiental e relat\u00f3rio do Sistema de Gest\u00e3o e Controle Ambiental das atividades Portu\u00e1rias.<br \/>\nEste instrumento permite avaliar o grau de implementa\u00e7\u00e3o e efici\u00eancia dos planos e programas no controle da Polui\u00e7\u00e3o Ambiental.<\/li>\n<\/ul>\n<p><strong>Estudos Ambientais<\/strong><\/p>\n<p>&nbsp;<\/p>\n<ul>\n<li>Elabora\u00e7\u00e3o do Relat\u00f3rio Ambiental Simplificado RAS: das obras de implanta\u00e7\u00e3o do Ber\u00e7o 401-A, do Terminal de Barca\u00e7as Oce\u00e2nicas de transporte de insumo sider\u00fargicos e terminal de graneis s\u00f3lidos.<\/li>\n<li>Os estudos e planejamentos desenvolvidos visaram a obten\u00e7\u00e3o de LAP o Licenciamento Ambiental Pr\u00e9via e a identifica\u00e7\u00e3o dos Riscos Ambientais eo Controle \u00e1 Polui\u00e7\u00e3o dos Recursos Naturais.<\/li>\n<li>Estudos e Projetos para Elabora\u00e7\u00e3o do Plano de Controle Ambiental do Porto para regulariza\u00e7\u00e3o dos terminais Portu\u00e1rios.<\/li>\n<li>Plano B\u00e1sico Ambiental \u2013 PBA: das obras de Derrocagem da laje da Cruz com \u00e1rea de 8568,00m2, na bacia de evolu\u00e7\u00e3o do porto.<\/li>\n<\/ul>\n<p>[\/et_pb_text][et_pb_text admin_label=&#8221;Titulo Localiza\u00e7\u00e3o&#8221; background_layout=&#8221;light&#8221; text_orientation=&#8221;left&#8221; use_border_color=&#8221;off&#8221; border_color=&#8221;#ffffff&#8221; border_style=&#8221;solid&#8221; saved_tabs=&#8221;all&#8221;]<\/p>\n<div class=\"page\" title=\"Page 23\">\n<p><span style=\"color: #006600;\"><span style=\"font-size: x-large;\">Localiza\u00e7\u00e3o<\/span><\/span><\/p>\n<\/div>\n<p>[\/et_pb_text][\/et_pb_column][\/et_pb_row][\/et_pb_section][et_pb_section fullwidth=&#8221;on&#8221; specialty=&#8221;off&#8221;][et_pb_fullwidth_map admin_label=&#8221;Mapa de Largura Completa&#8221; address=&#8221;Administra\u00e7\u00e3o do Porto de S\u00e3o Francisco do Sul &#8211; Rua Engenheiro Leite Ribeiro, 782 &#8211; Centro, S\u00e3o Francisco do Sul &#8211; SC, 89240-000, Brasil&#8221; zoom_level=&#8221;14&#8243; address_lat=&#8221;-26.23794810670981&#8243; address_lng=&#8221;-48.63463632274204&#8243; mouse_wheel=&#8221;on&#8221;][et_pb_map_pin pin_address=&#8221;Rua Manoel Louren\u00e7o de Andrade, 44 &#8211; Centro, S\u00e3o Francisco do Sul &#8211; SC, 89240-000, Brasil&#8221; pin_address_lat=&#8221;-26.238353493466263&#8243; pin_address_lng=&#8221;-48.63763860782626&#8243; \/][\/et_pb_fullwidth_map][\/et_pb_section]<\/p>\n","protected":false},"excerpt":{"rendered":"<p>[et_pb_section fullwidth=&#8221;on&#8221; specialty=&#8221;off&#8221;][et_pb_fullwidth_header admin_label=&#8221;Cabe\u00e7alho de Largura Completa&#8221; background_layout=&#8221;light&#8221; text_orientation=&#8221;left&#8221; header_fullscreen=&#8221;off&#8221; header_scroll_down=&#8221;off&#8221; parallax=&#8221;off&#8221; parallax_method=&#8221;off&#8221; content_orientation=&#8221;center&#8221; image_orientation=&#8221;center&#8221; custom_button_one=&#8221;off&#8221; button_one_letter_spacing=&#8221;0&#8243; button_one_use_icon=&#8221;default&#8221; button_one_icon_placement=&#8221;right&#8221; button_one_on_hover=&#8221;on&#8221; button_one_letter_spacing_hover=&#8221;0&#8243; custom_button_two=&#8221;off&#8221; button_two_letter_spacing=&#8221;0&#8243; button_two_use_icon=&#8221;default&#8221; button_two_icon_placement=&#8221;right&#8221; button_two_on_hover=&#8221;on&#8221; button_two_letter_spacing_hover=&#8221;0&#8243; background_color=&#8221;#7fd17b&#8221; subhead=&#8221;Transporte &gt; Portu\u00e1ria&#8221; title=&#8221;Gest\u00e3o ambiental e estudo ambiental no porto de S\u00e3o Francisco do Sul&#8221; \/][\/et_pb_section][et_pb_section fullwidth=&#8221;off&#8221; specialty=&#8221;off&#8221;][et_pb_row][et_pb_column type=&#8221;4_4&#8243;][et_pb_team_member admin_label=&#8221;Cliente&#8221; animation=&#8221;off&#8221; background_layout=&#8221;light&#8221; use_border_color=&#8221;off&#8221; border_color=&#8221;#ffffff&#8221; border_style=&#8221;solid&#8221; saved_tabs=&#8221;all&#8221; name=&#8221;PETCON&#8221; [&hellip;]<\/p>\n","protected":false},"author":1,"featured_media":1526,"comment_status":"open","ping_status":"open","template":"","meta":{"_et_pb_use_builder":"on","_et_pb_old_content":"","footnotes":""},"project_category":[30,42,24,17],"project_tag":[],"class_list":["post-1519","project","type-project","status-publish","has-post-thumbnail","hentry","project_category-clientes","project_category-petcon","project_category-portuaria","project_category-transporte"],"_links":{"self":[{"href":"https:\/\/www.mpb.eng.br\/n\/wp-json\/wp\/v2\/project\/1519","targetHints":{"allow":["GET"]}}],"collection":[{"href":"https:\/\/www.mpb.eng.br\/n\/wp-json\/wp\/v2\/project"}],"about":[{"href":"https:\/\/www.mpb.eng.br\/n\/wp-json\/wp\/v2\/types\/project"}],"author":[{"embeddable":true,"href":"https:\/\/www.mpb.eng.br\/n\/wp-json\/wp\/v2\/users\/1"}],"replies":[{"embeddable":true,"href":"https:\/\/www.mpb.eng.br\/n\/wp-json\/wp\/v2\/comments?post=1519"}],"version-history":[{"count":11,"href":"https:\/\/www.mpb.eng.br\/n\/wp-json\/wp\/v2\/project\/1519\/revisions"}],"predecessor-version":[{"id":1569,"href":"https:\/\/www.mpb.eng.br\/n\/wp-json\/wp\/v2\/project\/1519\/revisions\/1569"}],"wp:featuredmedia":[{"embeddable":true,"href":"https:\/\/www.mpb.eng.br\/n\/wp-json\/wp\/v2\/media\/1526"}],"wp:attachment":[{"href":"https:\/\/www.mpb.eng.br\/n\/wp-json\/wp\/v2\/media?parent=1519"}],"wp:term":[{"taxonomy":"project_category","embeddable":true,"href":"https:\/\/www.mpb.eng.br\/n\/wp-json\/wp\/v2\/project_category?post=1519"},{"taxonomy":"project_tag","embeddable":true,"href":"https:\/\/www.mpb.eng.br\/n\/wp-json\/wp\/v2\/project_tag?post=1519"}],"curies":[{"name":"wp","href":"https:\/\/api.w.org\/{rel}","templated":true}]}}